{"id":524,"date":"2024-10-11T13:18:54","date_gmt":"2024-10-11T11:18:54","guid":{"rendered":"http:\/\/246654.dsa-vorschau.de\/wordpress\/?page_id=524"},"modified":"2025-06-25T09:28:22","modified_gmt":"2025-06-25T07:28:22","slug":"impressum","status":"publish","type":"page","link":"https:\/\/kompaktlaser.de\/index.php\/impressum\/","title":{"rendered":"Impressum"},"content":{"rendered":"<h1>Impressum<\/h1>\n<h2>FR-Lasertechnik GmbH<\/h2>\n<p>K\u00f6nigsberger Stra\u00dfe 2<br \/>\n64354 Reinheim<\/p>\n<p>Tel.:\u00a0<a href=\"tel:+4961546944830\">06154\/694483-0<\/a><br \/>\nFax: 06154\/694483-9<\/p>\n<p>E-Mail:\u00a0<a href=\"mailto:info@fr-laser.de\">info@fr-laser.de<\/a><\/p>\n<p><strong>Gesch\u00e4ftsf\u00fchrer und f\u00fcr den Inhalt dieser Homepage verantwortlich:<\/strong><br \/>\nJan Friemann<br \/>\n<strong>Gesch\u00e4ftsform:<\/strong><br \/>\nGmbH<br \/>\n<strong>Offizieller Berufstitel:\u00a0<\/strong><br \/>\nDipl-Ingenieur in Deutschland<\/p>\n<p><strong>Registernummer:<\/strong><br \/>\n86059<br \/>\n<strong>Registerort:<\/strong><br \/>\nDarmstadt<br \/>\n<strong>Umsatzsteuer-ID:<\/strong><br \/>\n254882789<\/p>\n<h4>Bildrechte<\/h4>\n<p><a href=\"https:\/\/stock.adobe.com\/de\/contributor\/206833199\/parilov?load_type=author&amp;prev_url=detail\" data-t=\"details-contributor-link\">Parilov<\/a> \u00a9\u00a0&#8211;<a href=\"https:\/\/stock.adobe.com\/de\/images\/concept-banner-background-modern-industrial-technology-cnc-laser-engraving-cutting-of-heavy-metal-with-light-spark\/471028081\" target=\"_blank\" rel=\"noopener\"> (stock.adobe.com)<\/a><\/p>\n<p><a href=\"https:\/\/stock.adobe.com\/de\/contributor\/210578980\/vitaliy?load_type=author&amp;prev_url=detail\" data-t=\"details-contributor-link\">Vitaliy<\/a> \u00a9 &#8211; <a href=\"https:\/\/stock.adobe.com\/de\/images\/laser-marking-machine-engraving-manufacture-of-plastic-water-pipes-of-the-factory\/595024479\" target=\"_blank\" rel=\"noopener\">(stock.adobe.com)<\/a><\/p>\n<p><a href=\"https:\/\/stock.adobe.com\/de\/contributor\/207211466\/evgeny?load_type=author&amp;prev_url=detail\" data-t=\"details-contributor-link\">Evgeny<\/a> \u00a9 &#8211; <a href=\"https:\/\/stock.adobe.com\/de\/images\/stage-of-manufacturing-laser-engraving-in-automatic-mode\/230479123\" target=\"_blank\" rel=\"noopener\">(stock.adobe.com)<\/a><\/p>\n<div><a href=\"https:\/\/stock.adobe.com\/de\/contributor\/207087898\/seventyfour?load_type=author&amp;prev_url=detail\" data-t=\"details-contributor-link\">Seventyfour<\/a> \u00a9 &#8211; <a href=\"https:\/\/stock.adobe.com\/de\/images\/portrait-of-two-mechanics-repairing-modern-laser-cutting-machine-in-workshop-of-glass-producing-factory-copy-space\/191846591\" target=\"_blank\" rel=\"noopener\">(stock.adobe.com)<\/a><\/div>\n<p><\/p>\n<h3>Design &amp; Entwicklung<\/h3>\n<p><strong>dsa Marketing AG<\/strong><br \/>\nIm Lipperfeld 22A-24<br \/>\n46047 Oberhausen<\/p>\n<p>Tel.: 0208 97070<br \/>\nFax: 0208 9707137<br \/>\ninfo@dsa-marketing.ag<br \/>\n<a title=\"dsa Marketing AG\" href=\"http:\/\/www.dsa-marketing.ag\/\" target=\"_blank\" rel=\"noopener\">www.dsa-marketing.ag<\/a><\/p>\n","protected":false},"excerpt":{"rendered":"<p>Impressum FR-Lasertechnik GmbH K\u00f6nigsberger Stra\u00dfe 2 64354 Reinheim Tel.:\u00a006154\/694483-0 Fax: 06154\/694483-9 E-Mail:\u00a0info@fr-laser.de Gesch\u00e4ftsf\u00fchrer und f\u00fcr den Inhalt dieser Homepage verantwortlich: Jan Friemann Gesch\u00e4ftsform: GmbH Offizieller Berufstitel:\u00a0 Dipl-Ingenieur in Deutschland Registernummer: 86059 Registerort: Darmstadt Umsatzsteuer-ID: 254882789 Bildrechte Parilov \u00a9\u00a0&#8211; (stock.adobe.com) Vitaliy \u00a9 &#8211; (stock.adobe.com) Evgeny \u00a9 &#8211; (stock.adobe.com) Seventyfour \u00a9 &#8211; (stock.adobe.com) Design &amp; Entwicklung dsa [&hellip;]<\/p>\n","protected":false},"author":1,"featured_media":0,"parent":0,"menu_order":0,"comment_status":"closed","ping_status":"closed","template":"","meta":{"footnotes":""},"class_list":["post-524","page","type-page","status-publish","hentry"],"_links":{"self":[{"href":"https:\/\/kompaktlaser.de\/index.php\/wp-json\/wp\/v2\/pages\/524","targetHints":{"allow":["GET"]}}],"collection":[{"href":"https:\/\/kompaktlaser.de\/index.php\/wp-json\/wp\/v2\/pages"}],"about":[{"href":"https:\/\/kompaktlaser.de\/index.php\/wp-json\/wp\/v2\/types\/page"}],"author":[{"embeddable":true,"href":"https:\/\/kompaktlaser.de\/index.php\/wp-json\/wp\/v2\/users\/1"}],"replies":[{"embeddable":true,"href":"https:\/\/kompaktlaser.de\/index.php\/wp-json\/wp\/v2\/comments?post=524"}],"version-history":[{"count":7,"href":"https:\/\/kompaktlaser.de\/index.php\/wp-json\/wp\/v2\/pages\/524\/revisions"}],"predecessor-version":[{"id":818,"href":"https:\/\/kompaktlaser.de\/index.php\/wp-json\/wp\/v2\/pages\/524\/revisions\/818"}],"wp:attachment":[{"href":"https:\/\/kompaktlaser.de\/index.php\/wp-json\/wp\/v2\/media?parent=524"}],"curies":[{"name":"wp","href":"https:\/\/api.w.org\/{rel}","templated":true}]}}